{"id":312,"date":"2024-12-04T08:32:54","date_gmt":"2024-12-04T07:32:54","guid":{"rendered":"https:\/\/popx.hu\/?page_id=312"},"modified":"2025-01-18T22:59:00","modified_gmt":"2025-01-18T21:59:00","slug":"szolgaltatas","status":"publish","type":"page","link":"https:\/\/popx.hu\/?page_id=312","title":{"rendered":"Szolg\u00e1ltat\u00e1s"},"content":{"rendered":"\t\t<div data-elementor-type=\"wp-page\" data-elementor-id=\"312\" class=\"elementor elementor-312\" data-elementor-post-type=\"page\">\n\t\t\t\t<div class=\"elementor-element elementor-element-7e7ee5f e-flex e-con-boxed e-con e-parent\" data-id=\"7e7ee5f\" data-element_type=\"container\" data-e-type=\"container\" data-settings=\"{&quot;jet_parallax_layout_list&quot;:[]}\">\n\t\t\t\t\t<div class=\"e-con-inner\">\n\t\t\t\t<div class=\"elementor-element elementor-element-2fe221b elementor-widget elementor-widget-image\" data-id=\"2fe221b\" data-element_type=\"widget\" data-e-type=\"widget\" data-widget_type=\"image.default\">\n\t\t\t\t<div class=\"elementor-widget-container\">\n\t\t\t\t\t\t\t\t\t\t\t\t\t\t\t<img decoding=\"async\" src=\"https:\/\/popx.hu\/wp-content\/uploads\/elementor\/thumbs\/szolgaltatas-r03hm9ox7ng4kgnwy56b3im8fcynmycxkk4hseywrg.jpg\" title=\"szolgaltatas\" alt=\"szolgaltatas\" loading=\"lazy\" \/>\t\t\t\t\t\t\t\t\t\t\t\t\t\t\t<\/div>\n\t\t\t\t<\/div>\n\t\t\t\t\t<\/div>\n\t\t\t\t<\/div>\n\t\t<div class=\"elementor-element elementor-element-ef8a3cb e-flex e-con-boxed e-con e-parent\" data-id=\"ef8a3cb\" data-element_type=\"container\" data-e-type=\"container\" data-settings=\"{&quot;jet_parallax_layout_list&quot;:[]}\">\n\t\t\t\t\t<div class=\"e-con-inner\">\n\t\t<div class=\"elementor-element elementor-element-3b3bd7d e-con-full e-flex e-con e-child\" data-id=\"3b3bd7d\" data-element_type=\"container\" data-e-type=\"container\" data-settings=\"{&quot;background_background&quot;:&quot;classic&quot;,&quot;jet_parallax_layout_list&quot;:[]}\">\n\t\t\t\t<div class=\"elementor-element elementor-element-dba4cc1 elementor-widget elementor-widget-heading\" data-id=\"dba4cc1\" data-element_type=\"widget\" data-e-type=\"widget\" data-widget_type=\"heading.default\">\n\t\t\t\t<div class=\"elementor-widget-container\">\n\t\t\t\t\t<h3 class=\"elementor-heading-title elementor-size-default\">1. Projektmenedzsment<\/h3>\t\t\t\t<\/div>\n\t\t\t\t<\/div>\n\t\t\t\t<div class=\"elementor-element elementor-element-937342e elementor-widget elementor-widget-text-editor\" data-id=\"937342e\" data-element_type=\"widget\" data-e-type=\"widget\" data-widget_type=\"text-editor.default\">\n\t\t\t\t<div class=\"elementor-widget-container\">\n\t\t\t\t\t\t\t\t\t<ul><li><strong>Teljes k\u00f6r\u0171 projektir\u00e1ny\u00edt\u00e1s<\/strong>: A gener\u00e1lkivitelez\u0151 v\u00e1llalat felel\u0151s az eg\u00e9sz projekt koordin\u00e1l\u00e1s\u00e1\u00e9rt, bele\u00e9rtve az id\u0151pontok betart\u00e1s\u00e1t, a k\u00f6lts\u00e9gvet\u00e9s k\u00f6vet\u00e9s\u00e9t \u00e9s az el\u0151re meghat\u00e1rozott min\u0151s\u00e9gi standardok teljes\u00edt\u00e9s\u00e9t.<\/li><li><strong>\u00dctemez\u00e9s \u00e9s tervez\u00e9s<\/strong>: A projekt kezdet\u00e9t\u0151l a befejez\u00e9s\u00e9ig r\u00e9szletes \u00fctemterv k\u00e9sz\u00edt\u00e9se, amely tartalmazza az \u00f6sszes munkaf\u00e1zist, hat\u00e1rid\u0151t \u00e9s m\u00e9rf\u00f6ldk\u00f6veket.<\/li><li><strong>Er\u0151forr\u00e1s-menedzsment<\/strong>: A munkaer\u0151 \u00e9s az anyagok biztos\u00edt\u00e1sa, valamint az alv\u00e1llalkoz\u00f3k koordin\u00e1l\u00e1sa.<\/li><li><strong>Kommunik\u00e1ci\u00f3 \u00e9s riport\u00e1l\u00e1s<\/strong>: Rendszeres besz\u00e1mol\u00f3k k\u00e9sz\u00edt\u00e9se a megrendel\u0151 sz\u00e1m\u00e1ra, folyamatos kapcsolat tart\u00e1sa az \u00f6sszes r\u00e9sztvev\u0151vel.<\/li><\/ul>\t\t\t\t\t\t\t\t<\/div>\n\t\t\t\t<\/div>\n\t\t\t\t<\/div>\n\t\t\t\t\t<\/div>\n\t\t\t\t<\/div>\n\t\t<div class=\"elementor-element elementor-element-8936042 e-flex e-con-boxed e-con e-parent\" data-id=\"8936042\" data-element_type=\"container\" data-e-type=\"container\" data-settings=\"{&quot;jet_parallax_layout_list&quot;:[]}\">\n\t\t\t\t\t<div class=\"e-con-inner\">\n\t\t<div class=\"elementor-element elementor-element-a175211 e-con-full e-flex e-con e-child\" data-id=\"a175211\" data-element_type=\"container\" data-e-type=\"container\" data-settings=\"{&quot;background_background&quot;:&quot;classic&quot;,&quot;jet_parallax_layout_list&quot;:[]}\">\n\t\t\t\t<div class=\"elementor-element elementor-element-36ae2de elementor-widget elementor-widget-heading\" data-id=\"36ae2de\" data-element_type=\"widget\" data-e-type=\"widget\" data-widget_type=\"heading.default\">\n\t\t\t\t<div class=\"elementor-widget-container\">\n\t\t\t\t\t<h3 class=\"elementor-heading-title elementor-size-default\">2. \u00c9p\u00edt\u00e9szeti \u00e9s m\u00e9rn\u00f6ki tervez\u00e9s<\/h3>\t\t\t\t<\/div>\n\t\t\t\t<\/div>\n\t\t\t\t<div class=\"elementor-element elementor-element-dd16dae elementor-widget elementor-widget-text-editor\" data-id=\"dd16dae\" data-element_type=\"widget\" data-e-type=\"widget\" data-widget_type=\"text-editor.default\">\n\t\t\t\t<div class=\"elementor-widget-container\">\n\t\t\t\t\t\t\t\t\t<ul><li><strong>\u00c9p\u00edt\u00e9szeti tervez\u00e9s<\/strong>: A tervez\u00e9si f\u00e1zisban az \u00e9p\u00edt\u00e9szek kidolgozz\u00e1k az \u00e9p\u00fclet k\u00fcls\u0151 \u00e9s bels\u0151 megjelen\u00e9s\u00e9t, figyelembe v\u00e9ve a megrendel\u0151 ig\u00e9nyeit, valamint az \u00e9rv\u00e9nyben l\u00e9v\u0151 jogszab\u00e1lyokat.<\/li><li><strong>Statikai tervez\u00e9s<\/strong>: A statikai m\u00e9rn\u00f6k\u00f6k biztos\u00edtj\u00e1k, hogy az \u00e9p\u00fclet szerkezete biztons\u00e1gos legyen, figyelembe v\u00e9ve a helyi talajviszonyokat, a tervezett magass\u00e1got \u00e9s a teherb\u00edr\u00e1si k\u00f6vetelm\u00e9nyeket.<\/li><li><strong>G\u00e9p\u00e9szeti tervez\u00e9s<\/strong>: A g\u00e9p\u00e9szeti rendszerek (f\u0171t\u00e9s, v\u00edzell\u00e1t\u00e1s, szell\u0151z\u00e9s, l\u00e9gkondicion\u00e1l\u00e1s, stb.) tervez\u00e9se, valamint azok integr\u00e1l\u00e1sa az \u00e9p\u00fcletbe.<\/li><li><strong>Villamos tervez\u00e9s<\/strong>: Az elektromos h\u00e1l\u00f3zatok, vil\u00e1g\u00edt\u00e1si rendszerek, elektromos aljzatok \u00e9s m\u00e1s elektronikai elemek tervez\u00e9se \u00e9s elrendez\u00e9se.<\/li><li><strong>T\u0171zv\u00e9delmi \u00e9s biztons\u00e1gi tervez\u00e9s<\/strong>: A t\u0171zv\u00e9delmi el\u0151\u00edr\u00e1soknak megfelel\u0151 \u00e9p\u00edtkez\u00e9s biztos\u00edt\u00e1sa, evaku\u00e1l\u00e1si \u00fatvonalak, t\u0171zfalak \u00e9s sprinkler rendszerek integr\u00e1l\u00e1sa.<\/li><\/ul>\t\t\t\t\t\t\t\t<\/div>\n\t\t\t\t<\/div>\n\t\t\t\t<\/div>\n\t\t\t\t\t<\/div>\n\t\t\t\t<\/div>\n\t\t<div class=\"elementor-element elementor-element-dee2e61 e-flex e-con-boxed e-con e-parent\" data-id=\"dee2e61\" data-element_type=\"container\" data-e-type=\"container\" data-settings=\"{&quot;jet_parallax_layout_list&quot;:[]}\">\n\t\t\t\t\t<div class=\"e-con-inner\">\n\t\t<div class=\"elementor-element elementor-element-a303617 e-con-full e-flex e-con e-child\" data-id=\"a303617\" data-element_type=\"container\" data-e-type=\"container\" data-settings=\"{&quot;background_background&quot;:&quot;classic&quot;,&quot;jet_parallax_layout_list&quot;:[]}\">\n\t\t\t\t<div class=\"elementor-element elementor-element-f45d69b elementor-widget elementor-widget-heading\" data-id=\"f45d69b\" data-element_type=\"widget\" data-e-type=\"widget\" data-widget_type=\"heading.default\">\n\t\t\t\t<div class=\"elementor-widget-container\">\n\t\t\t\t\t<h3 class=\"elementor-heading-title elementor-size-default\">3. Enged\u00e9lyek \u00e9s jogi \u00fcgyek int\u00e9z\u00e9se<\/h3>\t\t\t\t<\/div>\n\t\t\t\t<\/div>\n\t\t\t\t<div class=\"elementor-element elementor-element-69f8af7 elementor-widget elementor-widget-text-editor\" data-id=\"69f8af7\" data-element_type=\"widget\" data-e-type=\"widget\" data-widget_type=\"text-editor.default\">\n\t\t\t\t<div class=\"elementor-widget-container\">\n\t\t\t\t\t\t\t\t\t<ul><li><strong>\u00c9p\u00edt\u00e9si enged\u00e9lyek beszerz\u00e9se<\/strong>: A gener\u00e1lkivitelez\u0151 \u00fcgyint\u00e9zi az \u00f6sszes sz\u00fcks\u00e9ges enged\u00e9lyt (pl. \u00e9p\u00edt\u00e9si, bont\u00e1si, v\u00edz- \u00e9s csatorn\u00e1z\u00e1si enged\u00e9lyek) a helyi \u00f6nkorm\u00e1nyzatokn\u00e1l \u00e9s hat\u00f3s\u00e1gokn\u00e1l.<\/li><li><strong>Jogi tan\u00e1csad\u00e1s \u00e9s dokument\u00e1ci\u00f3<\/strong>: Az \u00f6sszes szerz\u0151d\u00e9s \u00e9s jogi dokumentum el\u0151k\u00e9sz\u00edt\u00e9se, bele\u00e9rtve a v\u00e1llalkoz\u00f3i szerz\u0151d\u00e9seket, alv\u00e1llalkoz\u00f3i szerz\u0151d\u00e9seket, valamint a garanci\u00e1lis felt\u00e9telek \u00e9s felel\u0151ss\u00e9g k\u00e9rd\u00e9seit.<\/li><\/ul>\t\t\t\t\t\t\t\t<\/div>\n\t\t\t\t<\/div>\n\t\t\t\t<\/div>\n\t\t\t\t\t<\/div>\n\t\t\t\t<\/div>\n\t\t<div class=\"elementor-element elementor-element-e1deb09 e-flex e-con-boxed e-con e-parent\" data-id=\"e1deb09\" data-element_type=\"container\" data-e-type=\"container\" data-settings=\"{&quot;jet_parallax_layout_list&quot;:[]}\">\n\t\t\t\t\t<div class=\"e-con-inner\">\n\t\t<div class=\"elementor-element elementor-element-6870e95 e-con-full e-flex e-con e-child\" data-id=\"6870e95\" data-element_type=\"container\" data-e-type=\"container\" data-settings=\"{&quot;background_background&quot;:&quot;classic&quot;,&quot;jet_parallax_layout_list&quot;:[]}\">\n\t\t\t\t<div class=\"elementor-element elementor-element-1f8a52a elementor-widget elementor-widget-heading\" data-id=\"1f8a52a\" data-element_type=\"widget\" data-e-type=\"widget\" data-widget_type=\"heading.default\">\n\t\t\t\t<div class=\"elementor-widget-container\">\n\t\t\t\t\t<h3 class=\"elementor-heading-title elementor-size-default\">4. Kivitelez\u00e9s el\u0151k\u00e9sz\u00edt\u00e9se<\/h3>\t\t\t\t<\/div>\n\t\t\t\t<\/div>\n\t\t\t\t<div class=\"elementor-element elementor-element-5d1f08f elementor-widget elementor-widget-text-editor\" data-id=\"5d1f08f\" data-element_type=\"widget\" data-e-type=\"widget\" data-widget_type=\"text-editor.default\">\n\t\t\t\t<div class=\"elementor-widget-container\">\n\t\t\t\t\t\t\t\t\t<ul><li><strong>F\u00f6ldmunk\u00e1k \u00e9s ter\u00fclet el\u0151k\u00e9sz\u00edt\u00e9se<\/strong>: A munkater\u00fclet el\u0151k\u00e9sz\u00edt\u00e9se, bele\u00e9rtve a tereprendez\u00e9st, a felt\u00e1r\u00e1sokat \u00e9s a f\u00f6ldmunk\u00e1kat (pl. alap\u00e1s\u00e1s, tereprendez\u00e9s).<\/li><li><strong>Anyagbeszerz\u00e9s<\/strong>: A megfelel\u0151 \u00e9p\u00edt\u0151anyagok kiv\u00e1laszt\u00e1sa \u00e9s beszerz\u00e9se a projekt k\u00f6vetelm\u00e9nyei szerint (beton, ac\u00e9l, t\u00e9gla, szigetel\u0151anyagok stb.).<\/li><li><strong>Alv\u00e1llalkoz\u00f3k kiv\u00e1laszt\u00e1sa<\/strong>: Az alv\u00e1llalkoz\u00f3k \u00e9s besz\u00e1ll\u00edt\u00f3k kiv\u00e1laszt\u00e1sa, akik k\u00fcl\u00f6nb\u00f6z\u0151 szakter\u00fcleteken dolgoznak (pl. burkol\u00e1s, v\u00edzvezet\u00e9k-szerel\u00e9s, villanyszerel\u00e9s).<\/li><li><strong>Eszk\u00f6z\u00f6k \u00e9s g\u00e9pek biztos\u00edt\u00e1sa<\/strong>: A sz\u00fcks\u00e9ges \u00e9p\u00edt\u0151ipari g\u00e9pek, szersz\u00e1mok \u00e9s berendez\u00e9sek biztos\u00edt\u00e1sa a kivitelez\u00e9shez.<\/li><\/ul>\t\t\t\t\t\t\t\t<\/div>\n\t\t\t\t<\/div>\n\t\t\t\t<\/div>\n\t\t\t\t\t<\/div>\n\t\t\t\t<\/div>\n\t\t<div class=\"elementor-element elementor-element-f526a11 e-flex e-con-boxed e-con e-parent\" data-id=\"f526a11\" data-element_type=\"container\" data-e-type=\"container\" data-settings=\"{&quot;jet_parallax_layout_list&quot;:[]}\">\n\t\t\t\t\t<div class=\"e-con-inner\">\n\t\t<div class=\"elementor-element elementor-element-f48337a e-con-full e-flex e-con e-child\" data-id=\"f48337a\" data-element_type=\"container\" data-e-type=\"container\" data-settings=\"{&quot;background_background&quot;:&quot;classic&quot;,&quot;jet_parallax_layout_list&quot;:[]}\">\n\t\t\t\t<div class=\"elementor-element elementor-element-4e9ad82 elementor-widget elementor-widget-heading\" data-id=\"4e9ad82\" data-element_type=\"widget\" data-e-type=\"widget\" data-widget_type=\"heading.default\">\n\t\t\t\t<div class=\"elementor-widget-container\">\n\t\t\t\t\t<h3 class=\"elementor-heading-title elementor-size-default\">5. Alapoz\u00e1s \u00e9s szerkezeti munk\u00e1k<\/h3>\t\t\t\t<\/div>\n\t\t\t\t<\/div>\n\t\t\t\t<div class=\"elementor-element elementor-element-64a8678 elementor-widget elementor-widget-text-editor\" data-id=\"64a8678\" data-element_type=\"widget\" data-e-type=\"widget\" data-widget_type=\"text-editor.default\">\n\t\t\t\t<div class=\"elementor-widget-container\">\n\t\t\t\t\t\t\t\t\t<ul><li><strong>Alapoz\u00e1s<\/strong>: A talajvizsg\u00e1latok alapj\u00e1n tervezett alapoz\u00e1s megval\u00f3s\u00edt\u00e1sa, bele\u00e9rtve a s\u00e1valapokat, lemezalapokat vagy pill\u00e9res alapokat.<\/li><li><strong>Szerkezeti munk\u00e1k<\/strong>: Az \u00e9p\u00fclet f\u0151 szerkezeti elemeinek ki\u00e9p\u00edt\u00e9se, mint p\u00e9ld\u00e1ul vasbeton szerkezetek, monolit betonfalak, vasbeton alapok, oszlopok, gerend\u00e1k \u00e9s tart\u00f3szerkezetek.<\/li><li><strong>Falaz\u00e1s \u00e9s tet\u0151szerkezetek<\/strong>: Az \u00e9p\u00fclet k\u00fcls\u0151 \u00e9s bels\u0151 falainak felh\u00faz\u00e1sa, valamint a tet\u0151szerkezet kialak\u00edt\u00e1sa.<\/li><li><strong>V\u00edz- \u00e9s szigetel\u00e9s<\/strong>: A v\u00edzszigetel\u00e9s \u00e9s alapoz\u00e1si munk\u00e1k elv\u00e9gz\u00e9se, hogy megakad\u00e1lyozz\u00e1k a nedvess\u00e9g behatol\u00e1s\u00e1t az \u00e9p\u00fcletbe.<\/li><\/ul>\t\t\t\t\t\t\t\t<\/div>\n\t\t\t\t<\/div>\n\t\t\t\t<\/div>\n\t\t\t\t\t<\/div>\n\t\t\t\t<\/div>\n\t\t<div class=\"elementor-element elementor-element-c556254 e-flex e-con-boxed e-con e-parent\" data-id=\"c556254\" data-element_type=\"container\" data-e-type=\"container\" data-settings=\"{&quot;jet_parallax_layout_list&quot;:[]}\">\n\t\t\t\t\t<div class=\"e-con-inner\">\n\t\t<div class=\"elementor-element elementor-element-d84c37d e-con-full e-flex e-con e-child\" data-id=\"d84c37d\" data-element_type=\"container\" data-e-type=\"container\" data-settings=\"{&quot;background_background&quot;:&quot;classic&quot;,&quot;jet_parallax_layout_list&quot;:[]}\">\n\t\t\t\t<div class=\"elementor-element elementor-element-2ad1c46 elementor-widget elementor-widget-heading\" data-id=\"2ad1c46\" data-element_type=\"widget\" data-e-type=\"widget\" data-widget_type=\"heading.default\">\n\t\t\t\t<div class=\"elementor-widget-container\">\n\t\t\t\t\t<h3 class=\"elementor-heading-title elementor-size-default\">6. Bels\u0151\u00e9p\u00edt\u00e9szeti munk\u00e1k<\/h3>\t\t\t\t<\/div>\n\t\t\t\t<\/div>\n\t\t<div class=\"elementor-element elementor-element-ddad9b8 e-con-full e-flex e-con e-child\" data-id=\"ddad9b8\" data-element_type=\"container\" data-e-type=\"container\" data-settings=\"{&quot;jet_parallax_layout_list&quot;:[]}\">\n\t\t<div class=\"elementor-element elementor-element-0488741 e-con-full e-flex e-con e-child\" data-id=\"0488741\" data-element_type=\"container\" data-e-type=\"container\" data-settings=\"{&quot;jet_parallax_layout_list&quot;:[]}\">\n\t\t\t\t<div class=\"elementor-element elementor-element-4b6f08c elementor-widget elementor-widget-text-editor\" data-id=\"4b6f08c\" data-element_type=\"widget\" data-e-type=\"widget\" data-widget_type=\"text-editor.default\">\n\t\t\t\t<div class=\"elementor-widget-container\">\n\t\t\t\t\t\t\t\t\t<h4>6.1. <strong>Burkol\u00e1s<\/strong><\/h4>\t\t\t\t\t\t\t\t<\/div>\n\t\t\t\t<\/div>\n\t\t\t\t<div class=\"elementor-element elementor-element-02e443f elementor-widget elementor-widget-text-editor\" data-id=\"02e443f\" data-element_type=\"widget\" data-e-type=\"widget\" data-widget_type=\"text-editor.default\">\n\t\t\t\t<div class=\"elementor-widget-container\">\n\t\t\t\t\t\t\t\t\t<ul><li><p><strong>Padl\u00f3burkolatok<\/strong>:<\/p><ul><li><strong>Kemik\u00e1lis \u00e9s eszt\u00e9tikai szempontok alapj\u00e1n<\/strong> k\u00fcl\u00f6nb\u00f6z\u0151 t\u00edpus\u00fa padl\u00f3burkolatok v\u00e1laszthat\u00f3k, mint p\u00e9ld\u00e1ul parketta, lamin\u00e1lt padl\u00f3, PVC, k\u0151burkolatok (pl. gr\u00e1nit, m\u00e1rv\u00e1ny), csempe, terrazzo, stb.<\/li><li><strong>Munk\u00e1k t\u00edpusai<\/strong>: Aljzatkiegyenl\u00edt\u00e9s, v\u00edzszigetel\u00e9s, alapoz\u00e1s, ragaszt\u00e1s, fug\u00e1z\u00e1s.<\/li><li><strong>Alkalmaz\u00e1suk helyei<\/strong>: K\u00fcl\u00f6nb\u00f6z\u0151 t\u00edpus\u00fa burkolatok ker\u00fclhetnek a nappaliba, konyh\u00e1ba, f\u00fcrd\u0151szob\u00e1ba, vagy ak\u00e1r irod\u00e1kba, de minden esetben figyelembe kell venni a helyis\u00e9g funkci\u00f3j\u00e1t \u00e9s terhelhet\u0151s\u00e9g\u00e9t.<\/li><\/ul><\/li><\/ul>\t\t\t\t\t\t\t\t<\/div>\n\t\t\t\t<\/div>\n\t\t\t\t<div class=\"elementor-element elementor-element-2d589f5 elementor-widget elementor-widget-text-editor\" data-id=\"2d589f5\" data-element_type=\"widget\" data-e-type=\"widget\" data-widget_type=\"text-editor.default\">\n\t\t\t\t<div class=\"elementor-widget-container\">\n\t\t\t\t\t\t\t\t\t<ul><li><p><strong>Falburkolatok<\/strong>:<\/p><ul><li><strong>Csempe<\/strong> \u00e9s m\u00e1s burkol\u00f3anyagok alkalmaz\u00e1sa falakon, p\u00e9ld\u00e1ul f\u00fcrd\u0151szob\u00e1kban, konyh\u00e1kban.<\/li><li><strong>Fest\u00e9s<\/strong>: A falak fest\u00e9se k\u00fcl\u00f6nb\u00f6z\u0151 technik\u00e1kkal (pl. matt, f\u00e9nyes, textur\u00e1lt fest\u00e9kek).<\/li><li><strong>Tap\u00e9t\u00e1z\u00e1s<\/strong>: Sz\u00ednes, mint\u00e1s vagy text\u00far\u00e1lt tap\u00e9t\u00e1k alkalmaz\u00e1sa a bels\u0151 terek hangulat\u00e1nak jav\u00edt\u00e1s\u00e1ra.<\/li><li><strong>Falszeg\u00e9lyek \u00e9s d\u00edsz\u00edt\u00e9sek<\/strong>: Az \u00e9p\u00fclet bels\u0151 ter\u00e9nek d\u00edsz\u00edt\u00e9s\u00e9re szolg\u00e1l\u00f3 k\u00fcl\u00f6nf\u00e9le elemek (pl. szeg\u00e9lyl\u00e9cek, stukk\u00f3k).<\/li><\/ul><\/li><\/ul>\t\t\t\t\t\t\t\t<\/div>\n\t\t\t\t<\/div>\n\t\t\t\t<div class=\"elementor-element elementor-element-430156d elementor-widget elementor-widget-text-editor\" data-id=\"430156d\" data-element_type=\"widget\" data-e-type=\"widget\" data-widget_type=\"text-editor.default\">\n\t\t\t\t<div class=\"elementor-widget-container\">\n\t\t\t\t\t\t\t\t\t<ul><li><p><strong>Mennyezetburkolatok<\/strong>:<\/p><ul><li><strong>\u00c1lmennyezetek<\/strong>: Gipszkarton \u00e1lmennyezetek, amelyek seg\u00edtenek a k\u00e1belek \u00e9s g\u00e9p\u00e9szeti elemek elrejt\u00e9s\u00e9ben, valamint eszt\u00e9tikai el\u0151ny\u00f6ket k\u00edn\u00e1lnak.<\/li><li><strong>F\u00fcggesztett mennyezetek<\/strong>: Ezek k\u00fcl\u00f6nb\u00f6z\u0151 anyagokb\u00f3l (pl. perfor\u00e1lt lemezek, fa panel) k\u00e9sz\u00fclhetnek, \u00e9s seg\u00edtenek a hangelnyel\u00e9sben is.<\/li><li><strong>Szigetel\u00e9s<\/strong>: A mennyezetek szigetel\u00e9se hangszigetel\u00e9s \u00e9s h\u0151szigetel\u00e9s szempontj\u00e1b\u00f3l is fontos lehet.<\/li><\/ul><\/li><\/ul>\t\t\t\t\t\t\t\t<\/div>\n\t\t\t\t<\/div>\n\t\t\t\t<\/div>\n\t\t\t\t<div class=\"elementor-element elementor-element-c4d98fc elementor-widget elementor-widget-text-editor\" data-id=\"c4d98fc\" data-element_type=\"widget\" data-e-type=\"widget\" data-widget_type=\"text-editor.default\">\n\t\t\t\t<div class=\"elementor-widget-container\">\n\t\t\t\t\t\t\t\t\t<h4>6.2. <strong>Bels\u0151 fest\u00e9s \u00e9s d\u00edsz\u00edt\u00e9s<\/strong><\/h4><ul><li><strong>Fest\u00e9s<\/strong>: A bels\u0151 falak, mennyezetek, ajt\u00f3k \u00e9s ablakkeretek fest\u00e9se k\u00fcl\u00f6nb\u00f6z\u0151 sz\u00edn\u00e1rnyalatokban, illetve a bels\u0151 tervez\u00e9s st\u00edlus\u00e1nak megfelel\u0151 sz\u00ednkombin\u00e1ci\u00f3k alkalmaz\u00e1sa.<\/li><li><strong>Speci\u00e1lis fest\u00e9stechnik\u00e1k<\/strong>: Pl. f\u00e9mes, textur\u00e1lt, moshat\u00f3 fest\u00e9kek, vagy k\u00fcl\u00f6nleges technik\u00e1k (pl. szivacsos, p\u00e1cos hat\u00e1sok).<\/li><li><strong>D\u00edsz\u00edt\u0151elemek<\/strong>:<ul><li><strong>Stukk\u00f3k, rozetta<\/strong>: A mennyezetek d\u00edsz\u00edt\u00e9se gipsz vagy polisztirol stukk\u00f3kkal, rozetta alkalmaz\u00e1sa, k\u00fcl\u00f6n\u00f6sen klasszikus st\u00edlus\u00fa bels\u0151 terekben.<\/li><li><strong>Dekor\u00e1ci\u00f3k \u00e9s f\u00f3li\u00e1k<\/strong>: Bels\u0151 dekor\u00e1ci\u00f3s elemek alkalmaz\u00e1sa, mint a t\u00fckr\u00f6k, k\u00e9pek, festett falpanelok.<\/li><\/ul><\/li><\/ul>\t\t\t\t\t\t\t\t<\/div>\n\t\t\t\t<\/div>\n\t\t\t\t<div class=\"elementor-element elementor-element-86e3ea4 elementor-widget elementor-widget-text-editor\" data-id=\"86e3ea4\" data-element_type=\"widget\" data-e-type=\"widget\" data-widget_type=\"text-editor.default\">\n\t\t\t\t<div class=\"elementor-widget-container\">\n\t\t\t\t\t\t\t\t\t<h4>6.3. <strong>B\u00fatorok \u00e9s be\u00e9p\u00edtett elemek<\/strong><\/h4><ul><li><strong>B\u00fatorok<\/strong>: Az egyedi b\u00fatorok tervez\u00e9se \u00e9s be\u00e9p\u00edt\u00e9se az adott t\u00e9rhez (pl. konyhab\u00fatorok, be\u00e9p\u00edtett szekr\u00e9nyek, pultok, polcrendszerek).<\/li><li><strong>Be\u00e9p\u00edtett b\u00fatorok<\/strong>: K\u00fcl\u00f6nb\u00f6z\u0151 be\u00e9p\u00edtett megold\u00e1sok, mint a be\u00e9p\u00edtett szekr\u00e9nyek, gardr\u00f3bok, irodai t\u00e1rol\u00f3helyek, amelyek maximaliz\u00e1lj\u00e1k a t\u00e9r kihaszn\u00e1l\u00e1s\u00e1t.<\/li><li><strong>Konyhai eszk\u00f6z\u00f6k \u00e9s kieg\u00e9sz\u00edt\u0151k<\/strong>: A konyh\u00e1kban nemcsak a b\u00fatorok, hanem az eszk\u00f6z\u00f6k is kulcsszerepet kapnak (pl. konyhapultok, mosogat\u00f3k, f\u0151z\u0151lapok, be\u00e9p\u00edtett h\u0171t\u0151k \u00e9s egy\u00e9b g\u00e9pek).<\/li><li><strong>F\u00fcrd\u0151szobai kieg\u00e9sz\u00edt\u0151k<\/strong>: Be\u00e9p\u00edtett f\u00fcrd\u0151szobai b\u00fatorok, mosd\u00f3k, t\u00fckr\u00f6k, szekr\u00e9nyek \u00e9s polcrendszerek.<\/li><\/ul>\t\t\t\t\t\t\t\t<\/div>\n\t\t\t\t<\/div>\n\t\t\t\t<div class=\"elementor-element elementor-element-d99a5c7 elementor-widget elementor-widget-text-editor\" data-id=\"d99a5c7\" data-element_type=\"widget\" data-e-type=\"widget\" data-widget_type=\"text-editor.default\">\n\t\t\t\t<div class=\"elementor-widget-container\">\n\t\t\t\t\t\t\t\t\t<h4>6.4. <strong>V\u00edz- \u00e9s szennyv\u00edzrendszerek kialak\u00edt\u00e1sa<\/strong><\/h4><ul><li><strong>Szennyv\u00edz- \u00e9s v\u00edzvezet\u00e9k-rendszerek<\/strong>:<ul><li><strong>Bels\u0151 v\u00edzell\u00e1t\u00e1s<\/strong>: A hideg- \u00e9s melegv\u00edz-ell\u00e1t\u00f3 rendszerek ki\u00e9p\u00edt\u00e9se, bele\u00e9rtve a csapokat, zuhanyz\u00f3kat, f\u00fcrd\u0151k\u00e1dat, WC-t \u00e9s egy\u00e9b v\u00edzhaszn\u00e1lati helyeket.<\/li><li><strong>Szennyv\u00edzelvezet\u00e9s<\/strong>: A szennyv\u00edz elvezet\u00e9s\u00e9hez sz\u00fcks\u00e9ges cs\u00f6vek, szifonok, \u00e9s lefoly\u00f3rendszerek kialak\u00edt\u00e1sa, hogy a v\u00edz a megfelel\u0151 ir\u00e1nyba folyjon.<\/li><li><strong>Szennyv\u00edztiszt\u00edt\u00f3 rendszerek<\/strong>: Ha sz\u00fcks\u00e9ges, a h\u00e1zhoz kapcsol\u00f3d\u00f3 szennyv\u00edztiszt\u00edt\u00f3 rendszerek ki\u00e9p\u00edt\u00e9se is r\u00e9sze lehet a bels\u0151 \u00e9p\u00edtkez\u00e9snek, k\u00fcl\u00f6n\u00f6sen vid\u00e9ki ter\u00fcleteken.<\/li><li><strong>Es\u0151v\u00edz-gy\u0171jt\u0151 rendszerek<\/strong>: A v\u00edztakar\u00e9koss\u00e1g jegy\u00e9ben es\u0151v\u00edz-gy\u0171jt\u0151 rendszerek telep\u00edt\u00e9se, amelyek a f\u00fcrd\u0151szob\u00e1kban, WC-kben vagy kertben hasznos\u00edthat\u00f3k.<\/li><\/ul><\/li><\/ul>\t\t\t\t\t\t\t\t<\/div>\n\t\t\t\t<\/div>\n\t\t\t\t<div class=\"elementor-element elementor-element-7da1ec4 elementor-widget elementor-widget-text-editor\" data-id=\"7da1ec4\" data-element_type=\"widget\" data-e-type=\"widget\" data-widget_type=\"text-editor.default\">\n\t\t\t\t<div class=\"elementor-widget-container\">\n\t\t\t\t\t\t\t\t\t<h4>6.5. <strong>M\u0171szaki rendszerek integr\u00e1l\u00e1sa<\/strong><\/h4><ul><li><strong>F\u0171t\u00e9s \u00e9s h\u0171t\u00e9s<\/strong>:<ul><li><strong>Padl\u00f3f\u0171t\u00e9s<\/strong>: Az egyik legmodernebb \u00e9s legk\u00e9nyelmesebb f\u0171t\u00e9si megold\u00e1s, amely az eg\u00e9sz lak\u00e1sban egyenletes h\u0151m\u00e9rs\u00e9kletet biztos\u00edt.<\/li><li><strong>Radi\u00e1torok \u00e9s f\u0171t\u0151panelek<\/strong>: Az \u00e9p\u00fclet bels\u0151 f\u0171t\u00e9s\u00e9re szolg\u00e1l\u00f3 egy\u00e9b eszk\u00f6z\u00f6k telep\u00edt\u00e9se, figyelembe v\u00e9ve a t\u00e9r elrendez\u00e9s\u00e9t \u00e9s az ig\u00e9nyelt h\u0151m\u00e9rs\u00e9kletet.<\/li><li><strong>L\u00e9gkondicion\u00e1l\u00e1s<\/strong>: A l\u00e9gkondicion\u00e1l\u00f3 rendszerek, p\u00e9ld\u00e1ul split rendszer\u0171 kl\u00edm\u00e1k vagy k\u00f6zponti l\u00e9gkondicion\u00e1l\u00e1s be\u00e9p\u00edt\u00e9se.<\/li><\/ul><\/li><li><strong>Villamos \u00e9s vil\u00e1g\u00edt\u00e1si rendszerek<\/strong>:<ul><li><strong>Bels\u0151 vil\u00e1g\u00edt\u00e1s<\/strong>: Az egyes helyis\u00e9gek vil\u00e1g\u00edt\u00e1s\u00e1nak megtervez\u00e9se, bele\u00e9rtve a mennyezeti vil\u00e1g\u00edt\u00e1st, falra szerelhet\u0151 l\u00e1mp\u00e1kat, pult alatti vil\u00e1g\u00edt\u00e1st \u00e9s hangulatvil\u00e1g\u00edt\u00e1st.<\/li><li><strong>Mozg\u00e1s\u00e9rz\u00e9kel\u0151s vil\u00e1g\u00edt\u00e1s<\/strong>: A k\u00f6zleked\u0151kben, f\u00fcrd\u0151szob\u00e1kban \u00e9s egy\u00e9b helyis\u00e9gekben a k\u00e9nyelmet szolg\u00e1l\u00f3 automatikus mozg\u00e1s\u00e9rz\u00e9kel\u0151s vil\u00e1g\u00edt\u00e1si rendszerek telep\u00edt\u00e9se.<\/li><\/ul><\/li><\/ul>\t\t\t\t\t\t\t\t<\/div>\n\t\t\t\t<\/div>\n\t\t\t\t<div class=\"elementor-element elementor-element-5bb0891 elementor-widget elementor-widget-text-editor\" data-id=\"5bb0891\" data-element_type=\"widget\" data-e-type=\"widget\" data-widget_type=\"text-editor.default\">\n\t\t\t\t<div class=\"elementor-widget-container\">\n\t\t\t\t\t\t\t\t\t<h4>6.6. <strong>\u00c1ramell\u00e1t\u00e1s \u00e9s elektromos rendszerek<\/strong><\/h4><ul><li><strong>Aljzatok \u00e9s kapcsol\u00f3k<\/strong>: Az elektromos aljzatok \u00e9s kapcsol\u00f3k telep\u00edt\u00e9se minden helyis\u00e9gben, figyelembe v\u00e9ve a haszn\u00e1lati szok\u00e1sokat \u00e9s a biztons\u00e1gi el\u0151\u00edr\u00e1sokat.<\/li><li><strong>Energiahat\u00e9konys\u00e1g<\/strong>: A bels\u0151 t\u00e9r energiahat\u00e9konys\u00e1g\u00e1nak n\u00f6vel\u00e9se a megfelel\u0151 vil\u00e1g\u00edt\u00e1si \u00e9s f\u0171t\u00e9si rendszerek kiv\u00e1laszt\u00e1s\u00e1val, valamint a h\u00e1ztart\u00e1si g\u00e9pek energiaoszt\u00e1ly\u00e1nak optimaliz\u00e1l\u00e1s\u00e1val.<\/li><\/ul>\t\t\t\t\t\t\t\t<\/div>\n\t\t\t\t<\/div>\n\t\t\t\t<div class=\"elementor-element elementor-element-ee03289 elementor-widget elementor-widget-text-editor\" data-id=\"ee03289\" data-element_type=\"widget\" data-e-type=\"widget\" data-widget_type=\"text-editor.default\">\n\t\t\t\t<div class=\"elementor-widget-container\">\n\t\t\t\t\t\t\t\t\t<h4>6.7. <strong>Akusztikai megold\u00e1sok<\/strong><\/h4><ul><li><strong>Hangszigetel\u00e9s<\/strong>: A bels\u0151\u00e9p\u00edt\u00e9szeti munk\u00e1k sor\u00e1n fontos szerepe van a zajszigetel\u00e9snek is, p\u00e9ld\u00e1ul a falak, ablakok \u00e9s padl\u00f3k hangszigetel\u0151 r\u00e9tegekkel val\u00f3 ell\u00e1t\u00e1s\u00e1val.<\/li><li><strong>Hangg\u00e1tl\u00f3 falak<\/strong>: A zajcs\u00f6kkent\u00e9s \u00e9rdek\u00e9ben hangszigetel\u0151 anyagok, p\u00e9ld\u00e1ul gipszkarton \u00e9s szigetel\u0151 r\u00e9tegek be\u00e9p\u00edt\u00e9se a falakba, k\u00fcl\u00f6n\u00f6sen lak\u00e1sok, irodahelyis\u00e9gek vagy hotelek eset\u00e9ben.<\/li><\/ul>\t\t\t\t\t\t\t\t<\/div>\n\t\t\t\t<\/div>\n\t\t\t\t<div class=\"elementor-element elementor-element-59b47df elementor-widget elementor-widget-text-editor\" data-id=\"59b47df\" data-element_type=\"widget\" data-e-type=\"widget\" data-widget_type=\"text-editor.default\">\n\t\t\t\t<div class=\"elementor-widget-container\">\n\t\t\t\t\t\t\t\t\t<h4>6.8. <strong>Karbantart\u00e1s \u00e9s ut\u00f3lagos m\u00f3dos\u00edt\u00e1sok<\/strong><\/h4><ul><li><strong>Garanci\u00e1lis munk\u00e1k<\/strong>: Az elk\u00e9sz\u00fclt bels\u0151 \u00e9p\u00edt\u00e9szeti munk\u00e1kra adott garancia biztos\u00edt\u00e1sa, hogy minden sz\u00fcks\u00e9ges jav\u00edt\u00e1st \u00e9s karbantart\u00e1st elv\u00e9gezzenek.<\/li><li><strong>Ut\u00f3lagos m\u00f3dos\u00edt\u00e1sok<\/strong>: A megrendel\u0151 \u00e1ltal k\u00e9rt m\u00f3dos\u00edt\u00e1sok v\u00e9grehajt\u00e1sa a bels\u0151 t\u00e9rben, p\u00e9ld\u00e1ul \u00e1talak\u00edt\u00e1sok, \u00faj b\u00fatorok be\u00e9p\u00edt\u00e9se, fest\u00e9s, \u00faj burkolatok lerak\u00e1sa.<\/li><\/ul>\t\t\t\t\t\t\t\t<\/div>\n\t\t\t\t<\/div>\n\t\t\t\t<\/div>\n\t\t\t\t<\/div>\n\t\t\t\t\t<\/div>\n\t\t\t\t<\/div>\n\t\t<div class=\"elementor-element elementor-element-7765248 e-flex e-con-boxed e-con e-parent\" data-id=\"7765248\" data-element_type=\"container\" data-e-type=\"container\" data-settings=\"{&quot;jet_parallax_layout_list&quot;:[]}\">\n\t\t\t\t\t<div class=\"e-con-inner\">\n\t\t<div class=\"elementor-element elementor-element-66f9f1d e-con-full e-flex e-con e-child\" data-id=\"66f9f1d\" data-element_type=\"container\" data-e-type=\"container\" data-settings=\"{&quot;background_background&quot;:&quot;classic&quot;,&quot;jet_parallax_layout_list&quot;:[]}\">\n\t\t\t\t<div class=\"elementor-element elementor-element-01cddcc elementor-widget elementor-widget-heading\" data-id=\"01cddcc\" data-element_type=\"widget\" data-e-type=\"widget\" data-widget_type=\"heading.default\">\n\t\t\t\t<div class=\"elementor-widget-container\">\n\t\t\t\t\t<h3 class=\"elementor-heading-title elementor-size-default\">7. K\u00fclt\u00e9ri munk\u00e1k<\/h3>\t\t\t\t<\/div>\n\t\t\t\t<\/div>\n\t\t\t\t<div class=\"elementor-element elementor-element-783316d elementor-widget elementor-widget-text-editor\" data-id=\"783316d\" data-element_type=\"widget\" data-e-type=\"widget\" data-widget_type=\"text-editor.default\">\n\t\t\t\t<div class=\"elementor-widget-container\">\n\t\t\t\t\t\t\t\t\t<ul><li><strong>T\u00e9rburkol\u00e1s<\/strong>: K\u00fcls\u0151 t\u00e9rburkolatok k\u00e9sz\u00edt\u00e9se (pl. t\u00e9rk\u0151, beton burkolatok), j\u00e1rd\u00e1k, parkol\u00f3k kialak\u00edt\u00e1sa.<\/li><li><strong>Ker\u00edt\u00e9sek \u00e9s kapuk<\/strong>: Az \u00e9p\u00fclet k\u00f6r\u00fcli ker\u00edt\u00e9sek, kapuk \u00e9s egy\u00e9b k\u00fcls\u0151 akad\u00e1lyok telep\u00edt\u00e9se.<\/li><li><strong>Kert\u00e9p\u00edt\u00e9s<\/strong>: Z\u00f6ldter\u00fcletek kialak\u00edt\u00e1sa, f\u00e1k \u00e9s n\u00f6v\u00e9nyek \u00fcltet\u00e9se, \u00f6nt\u00f6z\u0151rendszerek telep\u00edt\u00e9se.<\/li><li><strong>K\u00fcls\u0151 vil\u00e1g\u00edt\u00e1s<\/strong>: K\u00fcls\u0151 f\u00e9nyforr\u00e1sok telep\u00edt\u00e9se, d\u00edszvil\u00e1g\u00edt\u00e1s \u00e9s biztons\u00e1gi vil\u00e1g\u00edt\u00e1s ki\u00e9p\u00edt\u00e9se.<\/li><\/ul>\t\t\t\t\t\t\t\t<\/div>\n\t\t\t\t<\/div>\n\t\t\t\t<\/div>\n\t\t\t\t\t<\/div>\n\t\t\t\t<\/div>\n\t\t<div class=\"elementor-element elementor-element-3d37674 e-flex e-con-boxed e-con e-parent\" data-id=\"3d37674\" data-element_type=\"container\" data-e-type=\"container\" data-settings=\"{&quot;jet_parallax_layout_list&quot;:[]}\">\n\t\t\t\t\t<div class=\"e-con-inner\">\n\t\t<div class=\"elementor-element elementor-element-08211d4 e-con-full e-flex e-con e-child\" data-id=\"08211d4\" data-element_type=\"container\" data-e-type=\"container\" data-settings=\"{&quot;background_background&quot;:&quot;classic&quot;,&quot;jet_parallax_layout_list&quot;:[]}\">\n\t\t\t\t<div class=\"elementor-element elementor-element-e808e8a elementor-widget elementor-widget-heading\" data-id=\"e808e8a\" data-element_type=\"widget\" data-e-type=\"widget\" data-widget_type=\"heading.default\">\n\t\t\t\t<div class=\"elementor-widget-container\">\n\t\t\t\t\t<h3 class=\"elementor-heading-title elementor-size-default\">8. M\u0171szaki \u00e1tad\u00e1s \u00e9s min\u0151s\u00e9gellen\u0151rz\u00e9s<\/h3>\t\t\t\t<\/div>\n\t\t\t\t<\/div>\n\t\t\t\t<div class=\"elementor-element elementor-element-27f541f elementor-widget elementor-widget-text-editor\" data-id=\"27f541f\" data-element_type=\"widget\" data-e-type=\"widget\" data-widget_type=\"text-editor.default\">\n\t\t\t\t<div class=\"elementor-widget-container\">\n\t\t\t\t\t\t\t\t\t<ul><li><strong>Min\u0151s\u00e9gellen\u0151rz\u00e9s<\/strong>: Az elk\u00e9sz\u00fclt munk\u00e1k ellen\u0151rz\u00e9se, hogy megfelelnek a tervez\u00e9si \u00e9s jogszab\u00e1lyi k\u00f6vetelm\u00e9nyeknek.<\/li><li><strong>Hibajav\u00edt\u00e1sok<\/strong>: Az esetleges hib\u00e1k kijav\u00edt\u00e1sa, amelyeket a min\u0151s\u00e9gellen\u0151rz\u00e9s sor\u00e1n \u00e9szleltek.<\/li><li><strong>\u00c9p\u00edt\u00e9si dokument\u00e1ci\u00f3 \u00e1tad\u00e1sa<\/strong>: A megrendel\u0151 sz\u00e1m\u00e1ra az \u00f6sszes sz\u00fcks\u00e9ges dokument\u00e1ci\u00f3, enged\u00e9ly \u00e9s \u00e1tad\u00e1s-\u00e1tv\u00e9teli jegyz\u0151k\u00f6nyv biztos\u00edt\u00e1sa.<\/li><\/ul>\t\t\t\t\t\t\t\t<\/div>\n\t\t\t\t<\/div>\n\t\t\t\t<\/div>\n\t\t\t\t\t<\/div>\n\t\t\t\t<\/div>\n\t\t<div class=\"elementor-element elementor-element-4194af9 e-flex e-con-boxed e-con e-parent\" data-id=\"4194af9\" data-element_type=\"container\" data-e-type=\"container\" data-settings=\"{&quot;jet_parallax_layout_list&quot;:[]}\">\n\t\t\t\t\t<div class=\"e-con-inner\">\n\t\t<div class=\"elementor-element elementor-element-a8f4d2d e-con-full e-flex e-con e-child\" data-id=\"a8f4d2d\" data-element_type=\"container\" data-e-type=\"container\" data-settings=\"{&quot;background_background&quot;:&quot;classic&quot;,&quot;jet_parallax_layout_list&quot;:[]}\">\n\t\t\t\t<div class=\"elementor-element elementor-element-a8d91dd elementor-widget elementor-widget-heading\" data-id=\"a8d91dd\" data-element_type=\"widget\" data-e-type=\"widget\" data-widget_type=\"heading.default\">\n\t\t\t\t<div class=\"elementor-widget-container\">\n\t\t\t\t\t<h3 class=\"elementor-heading-title elementor-size-default\">9. Garancia \u00e9s ut\u00f3k\u00f6vet\u00e9s<\/h3>\t\t\t\t<\/div>\n\t\t\t\t<\/div>\n\t\t\t\t<div class=\"elementor-element elementor-element-39b87f7 elementor-widget elementor-widget-text-editor\" data-id=\"39b87f7\" data-element_type=\"widget\" data-e-type=\"widget\" data-widget_type=\"text-editor.default\">\n\t\t\t\t<div class=\"elementor-widget-container\">\n\t\t\t\t\t\t\t\t\t<ul><li><strong>Garancia<\/strong>: A kivitelez\u0151 garanci\u00e1t v\u00e1llal a munk\u00e1kra, amely biztos\u00edtja a hib\u00e1k kijav\u00edt\u00e1s\u00e1t egy el\u0151re meghat\u00e1rozott id\u0151szakon bel\u00fcl.<\/li><li><strong>Ut\u00f3lagos jav\u00edt\u00e1sok<\/strong>: Az esetleges hib\u00e1k, probl\u00e9m\u00e1k orvosl\u00e1sa a kivitelez\u00e9s ut\u00e1n, p\u00e9ld\u00e1ul kisebb jav\u00edt\u00e1sok, fest\u00e9s vagy szigetel\u00e9si probl\u00e9m\u00e1k.<\/li><li><strong>Karban tart\u00e1si szolg\u00e1ltat\u00e1sok<\/strong>: Hossz\u00fa t\u00e1v\u00fa karbantart\u00e1si \u00e9s jav\u00edt\u00e1si szolg\u00e1ltat\u00e1sok biztos\u00edt\u00e1sa a megrendel\u0151 ig\u00e9nyei szerint.<\/li><\/ul>\t\t\t\t\t\t\t\t<\/div>\n\t\t\t\t<\/div>\n\t\t\t\t<\/div>\n\t\t\t\t\t<\/div>\n\t\t\t\t<\/div>\n\t\t<div class=\"elementor-element elementor-element-deb18e4 e-flex e-con-boxed e-con e-parent\" data-id=\"deb18e4\" data-element_type=\"container\" data-e-type=\"container\" data-settings=\"{&quot;jet_parallax_layout_list&quot;:[]}\">\n\t\t\t\t\t<div class=\"e-con-inner\">\n\t\t<div class=\"elementor-element elementor-element-f1dd3fe e-con-full e-flex e-con e-child\" data-id=\"f1dd3fe\" data-element_type=\"container\" data-e-type=\"container\" data-settings=\"{&quot;background_background&quot;:&quot;classic&quot;,&quot;jet_parallax_layout_list&quot;:[]}\">\n\t\t\t\t<div class=\"elementor-element elementor-element-60a7bfc elementor-widget elementor-widget-heading\" data-id=\"60a7bfc\" data-element_type=\"widget\" data-e-type=\"widget\" data-widget_type=\"heading.default\">\n\t\t\t\t<div class=\"elementor-widget-container\">\n\t\t\t\t\t<h3 class=\"elementor-heading-title elementor-size-default\">10. Fenntart\u00e1s \u00e9s \u00fczemeltet\u00e9s<\/h3>\t\t\t\t<\/div>\n\t\t\t\t<\/div>\n\t\t\t\t<div class=\"elementor-element elementor-element-7daca8c elementor-widget elementor-widget-text-editor\" data-id=\"7daca8c\" data-element_type=\"widget\" data-e-type=\"widget\" data-widget_type=\"text-editor.default\">\n\t\t\t\t<div class=\"elementor-widget-container\">\n\t\t\t\t\t\t\t\t\t<ul><li><strong>\u00c9p\u00fclet \u00fczemeltet\u00e9se<\/strong>: Az elk\u00e9sz\u00fclt \u00e9p\u00fclet \u00fczemeltet\u00e9se, bele\u00e9rtve az \u00e9p\u00fcletg\u00e9p\u00e9szeti rendszerek m\u0171k\u00f6dtet\u00e9s\u00e9t, karbantart\u00e1s\u00e1t \u00e9s a fenntarthat\u00f3s\u00e1got.<\/li><li><strong>Energiahat\u00e9konys\u00e1g \u00e9s k\u00f6rnyezettudatoss\u00e1g<\/strong>: A fenntarthat\u00f3s\u00e1gi \u00e9s energiahat\u00e9konys\u00e1gi megold\u00e1sok alkalmaz\u00e1sa, p\u00e9ld\u00e1ul napenergia rendszerek, z\u00f6ld tet\u0151k, v\u00edztakar\u00e9kos technol\u00f3gi\u00e1k.<\/li><li><strong>Esetleges b\u0151v\u00edt\u00e9sek \u00e9s m\u00f3dos\u00edt\u00e1sok<\/strong>: Ha a megrendel\u0151 a j\u00f6v\u0151ben b\u0151v\u00edteni szeretn\u00e9 az \u00e9p\u00fcletet, vagy m\u00f3dos\u00edt\u00e1sokat v\u00e9gezne, a gener\u00e1lkivitelez\u0151 v\u00e1llalat seg\u00edthet a tervez\u00e9sben \u00e9s kivitelez\u00e9sben.<\/li><\/ul>\t\t\t\t\t\t\t\t<\/div>\n\t\t\t\t<\/div>\n\t\t\t\t<\/div>\n\t\t\t\t\t<\/div>\n\t\t\t\t<\/div>\n\t\t\t\t<\/div>\n\t\t","protected":false},"excerpt":{"rendered":"<p>1. Projektmenedzsment Teljes k\u00f6r\u0171 projektir\u00e1ny\u00edt\u00e1s: A gener\u00e1lkivitelez\u0151 v\u00e1llalat felel\u0151s az eg\u00e9sz projekt koordin\u00e1l\u00e1s\u00e1\u00e9rt, bele\u00e9rtve az id\u0151pontok betart\u00e1s\u00e1t, a k\u00f6lts\u00e9gvet\u00e9s k\u00f6vet\u00e9s\u00e9t \u00e9s az el\u0151re meghat\u00e1rozott min\u0151s\u00e9gi standardok teljes\u00edt\u00e9s\u00e9t. \u00dctemez\u00e9s \u00e9s tervez\u00e9s: A projekt kezdet\u00e9t\u0151l a befejez\u00e9s\u00e9ig r\u00e9szletes \u00fctemterv k\u00e9sz\u00edt\u00e9se, amely tartalmazza az \u00f6sszes munkaf\u00e1zist, hat\u00e1rid\u0151t \u00e9s m\u00e9rf\u00f6ldk\u00f6veket. Er\u0151forr\u00e1s-menedzsment: A munkaer\u0151 \u00e9s az anyagok biztos\u00edt\u00e1sa, valamint az [&hellip;]<\/p>\n","protected":false},"author":1,"featured_media":0,"parent":0,"menu_order":0,"comment_status":"closed","ping_status":"closed","template":"","meta":{"footnotes":""},"class_list":["post-312","page","type-page","status-publish","hentry"],"_links":{"self":[{"href":"https:\/\/popx.hu\/index.php?rest_route=\/wp\/v2\/pages\/312","targetHints":{"allow":["GET"]}}],"collection":[{"href":"https:\/\/popx.hu\/index.php?rest_route=\/wp\/v2\/pages"}],"about":[{"href":"https:\/\/popx.hu\/index.php?rest_route=\/wp\/v2\/types\/page"}],"author":[{"embeddable":true,"href":"https:\/\/popx.hu\/index.php?rest_route=\/wp\/v2\/users\/1"}],"replies":[{"embeddable":true,"href":"https:\/\/popx.hu\/index.php?rest_route=%2Fwp%2Fv2%2Fcomments&post=312"}],"version-history":[{"count":58,"href":"https:\/\/popx.hu\/index.php?rest_route=\/wp\/v2\/pages\/312\/revisions"}],"predecessor-version":[{"id":870,"href":"https:\/\/popx.hu\/index.php?rest_route=\/wp\/v2\/pages\/312\/revisions\/870"}],"wp:attachment":[{"href":"https:\/\/popx.hu\/index.php?rest_route=%2Fwp%2Fv2%2Fmedia&parent=312"}],"curies":[{"name":"wp","href":"https:\/\/api.w.org\/{rel}","templated":true}]}}